{"version":"1.0","provider_name":"Jornal Fatos e Not\u00edcias","provider_url":"https:\/\/jornalfatosenoticias.com.br","author_name":"Haroldo Filho","author_url":"https:\/\/jornalfatosenoticias.com.br\/index.php\/author\/haroldo\/","title":"\u201cAcredito na transforma\u00e7\u00e3o pela educa\u00e7\u00e3o\u201d - Jornal Fatos e Not\u00edcias","type":"rich","width":600,"height":338,"html":"<blockquote class=\"wp-embedded-content\" data-secret=\"5reflGSCdG\"><a href=\"https:\/\/jornalfatosenoticias.com.br\/index.php\/2020\/08\/26\/acredito-na-transformacao-pela-educacao\/\">\u201cAcredito na transforma\u00e7\u00e3o pela educa\u00e7\u00e3o\u201d<\/a><\/blockquote><iframe sandbox=\"allow-scripts\" security=\"restricted\" src=\"https:\/\/jornalfatosenoticias.com.br\/index.php\/2020\/08\/26\/acredito-na-transformacao-pela-educacao\/embed\/#?secret=5reflGSCdG\" width=\"600\" height=\"338\" title=\"&#8220;\u201cAcredito na transforma\u00e7\u00e3o pela educa\u00e7\u00e3o\u201d&#8221; &#8212; Jornal Fatos e Not\u00edcias\" data-secret=\"5reflGSCdG\" frameborder=\"0\" marginwidth=\"0\" marginheight=\"0\" scrolling=\"no\" class=\"wp-embedded-content\"><\/iframe><script type=\"text\/javascript\">\n\/* <![CDATA[ *\/\n\/*! This file is auto-generated *\/\n!function(d,l){\"use strict\";l.querySelector&&d.addEventListener&&\"undefined\"!=typeof URL&&(d.wp=d.wp||{},d.wp.receiveEmbedMessage||(d.wp.receiveEmbedMessage=function(e){var t=e.data;if((t||t.secret||t.message||t.value)&&!\/[^a-zA-Z0-9]\/.test(t.secret)){for(var s,r,n,a=l.querySelectorAll('iframe[data-secret=\"'+t.secret+'\"]'),o=l.querySelectorAll('blockquote[data-secret=\"'+t.secret+'\"]'),c=new RegExp(\"^https?:$\",\"i\"),i=0;i<o.length;i++)o[i].style.display=\"none\";for(i=0;i<a.length;i++)s=a[i],e.source===s.contentWindow&&(s.removeAttribute(\"style\"),\"height\"===t.message?(1e3<(r=parseInt(t.value,10))?r=1e3:~~r<200&&(r=200),s.height=r):\"link\"===t.message&&(r=new URL(s.getAttribute(\"src\")),n=new URL(t.value),c.test(n.protocol))&&n.host===r.host&&l.activeElement===s&&(d.top.location.href=t.value))}},d.addEventListener(\"message\",d.wp.receiveEmbedMessage,!1),l.addEventListener(\"DOMContentLoaded\",function(){for(var e,t,s=l.querySelectorAll(\"iframe.wp-embedded-content\"),r=0;r<s.length;r++)(t=(e=s[r]).getAttribute(\"data-secret\"))||(t=Math.random().toString(36).substring(2,12),e.src+=\"#?secret=\"+t,e.setAttribute(\"data-secret\",t)),e.contentWindow.postMessage({message:\"ready\",secret:t},\"*\")},!1)))}(window,document);\n\/\/# sourceURL=https:\/\/jornalfatosenoticias.com.br\/wp-includes\/js\/wp-embed.min.js\n\/* ]]> *\/\n<\/script>\n","thumbnail_url":"https:\/\/jornalfatosenoticias.com.br\/wp-content\/uploads\/2020\/08\/gracimere.jpg","thumbnail_width":980,"thumbnail_height":739,"description":"A educa\u00e7\u00e3o n\u00e3o d\u00e1 voto, mas transforma uma cidade e eu sou prova disso, pois transformou a minha vida Pr\u00e9-candidata \u00e0 prefeita pela Serra\/ES, delegada Gracimeri Gaviorno, falou \u00e0 coluna Olhar de uma Lente sobre sua trajet\u00f3ria. Nascida em Colatina e, h\u00e1 25 anos, morando em Manoel Plaza, ingressou na pol\u00edcia civil como perita papilosc\u00f3pica [&hellip;]"}