{"version":"1.0","provider_name":"Jornal Fatos e Not\u00edcias","provider_url":"https:\/\/jornalfatosenoticias.com.br","author_name":"Luzimara Fernandes","author_url":"https:\/\/jornalfatosenoticias.com.br\/index.php\/author\/luzimara\/","title":"Descanso entre dias de treino \u00e9 essencial - Jornal Fatos e Not\u00edcias","type":"rich","width":600,"height":338,"html":"<blockquote class=\"wp-embedded-content\" data-secret=\"fQ9mOvQ5TA\"><a href=\"https:\/\/jornalfatosenoticias.com.br\/index.php\/2020\/10\/23\/descanso-entre-dias-de-treino-e-essencial\/\">Descanso entre dias de treino \u00e9 essencial<\/a><\/blockquote><iframe sandbox=\"allow-scripts\" security=\"restricted\" src=\"https:\/\/jornalfatosenoticias.com.br\/index.php\/2020\/10\/23\/descanso-entre-dias-de-treino-e-essencial\/embed\/#?secret=fQ9mOvQ5TA\" width=\"600\" height=\"338\" title=\"&#8220;Descanso entre dias de treino \u00e9 essencial&#8221; &#8212; Jornal Fatos e Not\u00edcias\" data-secret=\"fQ9mOvQ5TA\" frameborder=\"0\" marginwidth=\"0\" marginheight=\"0\" scrolling=\"no\" class=\"wp-embedded-content\"><\/iframe><script type=\"text\/javascript\">\n\/* <![CDATA[ *\/\n\/*! This file is auto-generated *\/\n!function(d,l){\"use strict\";l.querySelector&&d.addEventListener&&\"undefined\"!=typeof URL&&(d.wp=d.wp||{},d.wp.receiveEmbedMessage||(d.wp.receiveEmbedMessage=function(e){var t=e.data;if((t||t.secret||t.message||t.value)&&!\/[^a-zA-Z0-9]\/.test(t.secret)){for(var s,r,n,a=l.querySelectorAll('iframe[data-secret=\"'+t.secret+'\"]'),o=l.querySelectorAll('blockquote[data-secret=\"'+t.secret+'\"]'),c=new RegExp(\"^https?:$\",\"i\"),i=0;i<o.length;i++)o[i].style.display=\"none\";for(i=0;i<a.length;i++)s=a[i],e.source===s.contentWindow&&(s.removeAttribute(\"style\"),\"height\"===t.message?(1e3<(r=parseInt(t.value,10))?r=1e3:~~r<200&&(r=200),s.height=r):\"link\"===t.message&&(r=new URL(s.getAttribute(\"src\")),n=new URL(t.value),c.test(n.protocol))&&n.host===r.host&&l.activeElement===s&&(d.top.location.href=t.value))}},d.addEventListener(\"message\",d.wp.receiveEmbedMessage,!1),l.addEventListener(\"DOMContentLoaded\",function(){for(var e,t,s=l.querySelectorAll(\"iframe.wp-embedded-content\"),r=0;r<s.length;r++)(t=(e=s[r]).getAttribute(\"data-secret\"))||(t=Math.random().toString(36).substring(2,12),e.src+=\"#?secret=\"+t,e.setAttribute(\"data-secret\",t)),e.contentWindow.postMessage({message:\"ready\",secret:t},\"*\")},!1)))}(window,document);\n\/\/# sourceURL=https:\/\/jornalfatosenoticias.com.br\/wp-includes\/js\/wp-embed.min.js\n\/* ]]> *\/\n<\/script>\n","thumbnail_url":"https:\/\/jornalfatosenoticias.com.br\/wp-content\/uploads\/2020\/10\/dia-de-descanso-do-treino-iStock.jpg","thumbnail_width":1000,"thumbnail_height":562,"description":"Os dias de descanso e como o repouso tamb\u00e9m \u00e9 parte essencial do nosso treinamento. Os descansos regulares permitem que seu corpo se recupere de forma efetiva, sendo parte do progresso \u2014 seja voc\u00ea treinado ou iniciante.O descanso faz parte da recupera\u00e7\u00e3o. A recupera\u00e7\u00e3o \u00e9 tudo o que acontece ap\u00f3s o final de um treino [&hellip;]"}