{"version":"1.0","provider_name":"Jornal Fatos e Not\u00edcias","provider_url":"https:\/\/jornalfatosenoticias.com.br","author_name":"Luzimara Fernandes","author_url":"https:\/\/jornalfatosenoticias.com.br\/index.php\/author\/luzimara\/","title":"Mem\u00f3ria olfativa: o que \u00e9 e como funciona - Jornal Fatos e Not\u00edcias","type":"rich","width":600,"height":338,"html":"<blockquote class=\"wp-embedded-content\" data-secret=\"jd5u8YtWre\"><a href=\"https:\/\/jornalfatosenoticias.com.br\/index.php\/2022\/10\/17\/memoria-olfativa-o-que-e-e-como-funciona\/\">Mem\u00f3ria olfativa: o que \u00e9 e como funciona<\/a><\/blockquote><iframe sandbox=\"allow-scripts\" security=\"restricted\" src=\"https:\/\/jornalfatosenoticias.com.br\/index.php\/2022\/10\/17\/memoria-olfativa-o-que-e-e-como-funciona\/embed\/#?secret=jd5u8YtWre\" width=\"600\" height=\"338\" title=\"&#8220;Mem\u00f3ria olfativa: o que \u00e9 e como funciona&#8221; &#8212; Jornal Fatos e Not\u00edcias\" data-secret=\"jd5u8YtWre\" frameborder=\"0\" marginwidth=\"0\" marginheight=\"0\" scrolling=\"no\" class=\"wp-embedded-content\"><\/iframe><script type=\"text\/javascript\">\n\/* <![CDATA[ *\/\n\/*! This file is auto-generated *\/\n!function(d,l){\"use strict\";l.querySelector&&d.addEventListener&&\"undefined\"!=typeof URL&&(d.wp=d.wp||{},d.wp.receiveEmbedMessage||(d.wp.receiveEmbedMessage=function(e){var t=e.data;if((t||t.secret||t.message||t.value)&&!\/[^a-zA-Z0-9]\/.test(t.secret)){for(var s,r,n,a=l.querySelectorAll('iframe[data-secret=\"'+t.secret+'\"]'),o=l.querySelectorAll('blockquote[data-secret=\"'+t.secret+'\"]'),c=new RegExp(\"^https?:$\",\"i\"),i=0;i<o.length;i++)o[i].style.display=\"none\";for(i=0;i<a.length;i++)s=a[i],e.source===s.contentWindow&&(s.removeAttribute(\"style\"),\"height\"===t.message?(1e3<(r=parseInt(t.value,10))?r=1e3:~~r<200&&(r=200),s.height=r):\"link\"===t.message&&(r=new URL(s.getAttribute(\"src\")),n=new URL(t.value),c.test(n.protocol))&&n.host===r.host&&l.activeElement===s&&(d.top.location.href=t.value))}},d.addEventListener(\"message\",d.wp.receiveEmbedMessage,!1),l.addEventListener(\"DOMContentLoaded\",function(){for(var e,t,s=l.querySelectorAll(\"iframe.wp-embedded-content\"),r=0;r<s.length;r++)(t=(e=s[r]).getAttribute(\"data-secret\"))||(t=Math.random().toString(36).substring(2,12),e.src+=\"#?secret=\"+t,e.setAttribute(\"data-secret\",t)),e.contentWindow.postMessage({message:\"ready\",secret:t},\"*\")},!1)))}(window,document);\n\/\/# sourceURL=https:\/\/jornalfatosenoticias.com.br\/wp-includes\/js\/wp-embed.min.js\n\/* ]]> *\/\n<\/script>\n","thumbnail_url":"https:\/\/jornalfatosenoticias.com.br\/wp-content\/uploads\/2022\/10\/memoria-olfativa-casey-murphy-unsplash.jpg","thumbnail_width":1000,"thumbnail_height":667,"description":"O cheiro pode ter qualidades cient\u00edficas na mem\u00f3ria, entenda mais sobre a mem\u00f3ria olfativa A mem\u00f3ria olfativa\u00a0\u00e9 uma habilidade do\u00a0c\u00e9rebro\u00a0em desencadear\u00a0mem\u00f3rias a partir do cheiro. O fen\u00f4meno acontece a partir de uma associa\u00e7\u00e3o de odores ao hipocampo, parte do c\u00e9rebro localizada perto das am\u00edgdalas. O hipocampo \u00e9 respons\u00e1vel pelo armazenamento das emo\u00e7\u00f5es e sensa\u00e7\u00f5es e, [&hellip;]"}