{"version":"1.0","provider_name":"Jornal Fatos e Not\u00edcias","provider_url":"https:\/\/jornalfatosenoticias.com.br","author_name":"Haroldo Filho","author_url":"https:\/\/jornalfatosenoticias.com.br\/index.php\/author\/haroldo\/","title":"O PT e a \u2018memor\u00e1vel\u2019 Copa de 2014 - Jornal Fatos e Not\u00edcias","type":"rich","width":600,"height":338,"html":"<blockquote class=\"wp-embedded-content\" data-secret=\"6M6NDJAeLS\"><a href=\"https:\/\/jornalfatosenoticias.com.br\/index.php\/2022\/11\/24\/o-pt-e-a-memoravel-copa-de-2014\/\">O PT e a \u2018memor\u00e1vel\u2019 Copa de 2014<\/a><\/blockquote><iframe sandbox=\"allow-scripts\" security=\"restricted\" src=\"https:\/\/jornalfatosenoticias.com.br\/index.php\/2022\/11\/24\/o-pt-e-a-memoravel-copa-de-2014\/embed\/#?secret=6M6NDJAeLS\" width=\"600\" height=\"338\" title=\"&#8220;O PT e a \u2018memor\u00e1vel\u2019 Copa de 2014&#8221; &#8212; Jornal Fatos e Not\u00edcias\" data-secret=\"6M6NDJAeLS\" frameborder=\"0\" marginwidth=\"0\" marginheight=\"0\" scrolling=\"no\" class=\"wp-embedded-content\"><\/iframe><script type=\"text\/javascript\">\n\/* <![CDATA[ *\/\n\/*! This file is auto-generated *\/\n!function(d,l){\"use strict\";l.querySelector&&d.addEventListener&&\"undefined\"!=typeof URL&&(d.wp=d.wp||{},d.wp.receiveEmbedMessage||(d.wp.receiveEmbedMessage=function(e){var t=e.data;if((t||t.secret||t.message||t.value)&&!\/[^a-zA-Z0-9]\/.test(t.secret)){for(var s,r,n,a=l.querySelectorAll('iframe[data-secret=\"'+t.secret+'\"]'),o=l.querySelectorAll('blockquote[data-secret=\"'+t.secret+'\"]'),c=new RegExp(\"^https?:$\",\"i\"),i=0;i<o.length;i++)o[i].style.display=\"none\";for(i=0;i<a.length;i++)s=a[i],e.source===s.contentWindow&&(s.removeAttribute(\"style\"),\"height\"===t.message?(1e3<(r=parseInt(t.value,10))?r=1e3:~~r<200&&(r=200),s.height=r):\"link\"===t.message&&(r=new URL(s.getAttribute(\"src\")),n=new URL(t.value),c.test(n.protocol))&&n.host===r.host&&l.activeElement===s&&(d.top.location.href=t.value))}},d.addEventListener(\"message\",d.wp.receiveEmbedMessage,!1),l.addEventListener(\"DOMContentLoaded\",function(){for(var e,t,s=l.querySelectorAll(\"iframe.wp-embedded-content\"),r=0;r<s.length;r++)(t=(e=s[r]).getAttribute(\"data-secret\"))||(t=Math.random().toString(36).substring(2,12),e.src+=\"#?secret=\"+t,e.setAttribute(\"data-secret\",t)),e.contentWindow.postMessage({message:\"ready\",secret:t},\"*\")},!1)))}(window,document);\n\/\/# sourceURL=https:\/\/jornalfatosenoticias.com.br\/wp-includes\/js\/wp-embed.min.js\n\/* ]]> *\/\n<\/script>\n","thumbnail_url":"https:\/\/jornalfatosenoticias.com.br\/wp-content\/uploads\/2022\/11\/maracana-by-marchello74.jpg","thumbnail_width":1000,"thumbnail_height":666,"description":"Est\u00e1 sendo realizada, no Catar, a vig\u00e9sima segunda edi\u00e7\u00e3o da Copa do Mundo de Futebol Masculino e, como amante da modalidade e antenado na pol\u00edtica nacional, n\u00e3o poderia deixar de lembrar das decep\u00e7\u00f5es que vivemos tanto dentro como fora de campo em 2014. Dentro das quatro linhas, quem n\u00e3o se lembra da fat\u00eddica derrota de [&hellip;]"}