{"version":"1.0","provider_name":"Jornal Fatos e Not\u00edcias","provider_url":"https:\/\/jornalfatosenoticias.com.br","author_name":"Luzimara Fernandes","author_url":"https:\/\/jornalfatosenoticias.com.br\/index.php\/author\/luzimara\/","title":"Laser de som mais potente j\u00e1 feito - Jornal Fatos e Not\u00edcias","type":"rich","width":600,"height":338,"html":"<blockquote class=\"wp-embedded-content\" data-secret=\"v3WsrYHVDS\"><a href=\"https:\/\/jornalfatosenoticias.com.br\/index.php\/2024\/09\/16\/laser-de-som-mais-potente-ja-feito\/\">Laser de som mais potente j\u00e1 feito<\/a><\/blockquote><iframe sandbox=\"allow-scripts\" security=\"restricted\" src=\"https:\/\/jornalfatosenoticias.com.br\/index.php\/2024\/09\/16\/laser-de-som-mais-potente-ja-feito\/embed\/#?secret=v3WsrYHVDS\" width=\"600\" height=\"338\" title=\"&#8220;Laser de som mais potente j\u00e1 feito&#8221; &#8212; Jornal Fatos e Not\u00edcias\" data-secret=\"v3WsrYHVDS\" frameborder=\"0\" marginwidth=\"0\" marginheight=\"0\" scrolling=\"no\" class=\"wp-embedded-content\"><\/iframe><script type=\"text\/javascript\">\n\/* <![CDATA[ *\/\n\/*! This file is auto-generated *\/\n!function(d,l){\"use strict\";l.querySelector&&d.addEventListener&&\"undefined\"!=typeof URL&&(d.wp=d.wp||{},d.wp.receiveEmbedMessage||(d.wp.receiveEmbedMessage=function(e){var t=e.data;if((t||t.secret||t.message||t.value)&&!\/[^a-zA-Z0-9]\/.test(t.secret)){for(var s,r,n,a=l.querySelectorAll('iframe[data-secret=\"'+t.secret+'\"]'),o=l.querySelectorAll('blockquote[data-secret=\"'+t.secret+'\"]'),c=new RegExp(\"^https?:$\",\"i\"),i=0;i<o.length;i++)o[i].style.display=\"none\";for(i=0;i<a.length;i++)s=a[i],e.source===s.contentWindow&&(s.removeAttribute(\"style\"),\"height\"===t.message?(1e3<(r=parseInt(t.value,10))?r=1e3:~~r<200&&(r=200),s.height=r):\"link\"===t.message&&(r=new URL(s.getAttribute(\"src\")),n=new URL(t.value),c.test(n.protocol))&&n.host===r.host&&l.activeElement===s&&(d.top.location.href=t.value))}},d.addEventListener(\"message\",d.wp.receiveEmbedMessage,!1),l.addEventListener(\"DOMContentLoaded\",function(){for(var e,t,s=l.querySelectorAll(\"iframe.wp-embedded-content\"),r=0;r<s.length;r++)(t=(e=s[r]).getAttribute(\"data-secret\"))||(t=Math.random().toString(36).substring(2,12),e.src+=\"#?secret=\"+t,e.setAttribute(\"data-secret\",t)),e.contentWindow.postMessage({message:\"ready\",secret:t},\"*\")},!1)))}(window,document);\n\/\/# sourceURL=https:\/\/jornalfatosenoticias.com.br\/wp-includes\/js\/wp-embed.min.js\n\/* ]]> *\/\n<\/script>\n","thumbnail_url":"https:\/\/jornalfatosenoticias.com.br\/wp-content\/uploads\/2024\/09\/superlaser-de-som.jpg","thumbnail_width":1000,"thumbnail_height":562,"description":"Sistema ativo, acionado eletronicamente, produziu o laser de f\u00f4nons mais potente j\u00e1 constru\u00eddo Um laser de som s\u00f3 foi demonstrado inequivocamente h\u00e1 cerca de uma d\u00e9cada, mas agora esses dispositivos j\u00e1 atingem pot\u00eancias que poucos acreditavam ser poss\u00edvel, j\u00e1 no limiar para sua utiliza\u00e7\u00e3o pr\u00e1tica. Os lasers de som usam ondas sonoras (f\u00f4nons) em vez [&hellip;]"}